{"id":6339,"date":"2024-01-05T16:00:34","date_gmt":"2024-01-05T15:00:34","guid":{"rendered":"https:\/\/www.haircompanyprofessional.it\/prodotto\/gel-reequilibrante-del-ph3-post-tratamiento\/"},"modified":"2025-08-14T17:42:04","modified_gmt":"2025-08-14T15:42:04","slug":"gel-reequilibrante-del-ph3-post-tratamiento","status":"publish","type":"product","link":"https:\/\/www.haircompanyprofessional.it\/es\/producto\/gel-reequilibrante-del-ph3-post-tratamiento\/","title":{"rendered":"Gel reequilibrante del pH3 post-tratamiento"},"content":{"rendered":"","protected":false},"excerpt":{"rendered":"<p>Durante los tratamientos t\u00e9cnicos, el cabello sufre un aumento del pH fisiol\u00f3gico para poder ser te\u00f1ido, decolorado o modificado de forma durante la fase de permanente. Una vez finalizado el tratamiento t\u00e9cnico, siempre es necesario reequilibrar el pH (baj\u00e1ndolo) para devolver el brillo al cabello. El gel reequilibrante post-tratamiento pH3 reduce el pH del cabello despu\u00e9s de un tratamiento t\u00e9cnico, actuando de forma espec\u00edfica e inmediata. El cabello quedar\u00e1 m\u00e1s brillante desde la primera aplicaci\u00f3n.<\/p>\n","protected":false},"featured_media":6293,"comment_status":"closed","ping_status":"closed","template":"","meta":[],"product_cat":[197],"product_tag":[],"class_list":["post-6339","product","type-product","status-publish","has-post-thumbnail","hentry","product_cat-productos-tecnicos"],"acf":[],"yoast_head":"<!-- This site is optimized with the Yoast SEO plugin v23.8 - https:\/\/yoast.com\/wordpress\/plugins\/seo\/ -->\n<title>Gel reequilibrante del pH3 post-tratamiento |Productos t\u00e9cnicos | Hair Company Professional<\/title>\n<meta name=\"description\" content=\"Durante los tratamientos t\u00e9cnicos, el cabello sufre un aumento del pH fisiol\u00f3gico para poder ser te\u00f1ido, decolorado o modificado de forma durante la fase de permanente. Una vez finalizado el tratamiento t\u00e9cnico, siempre es necesario reequilibrar el pH (baj\u00e1ndolo) para devolver el brillo al cabello. El gel reequilibrante post-tratamiento pH3 reduce el pH del cabello despu\u00e9s de un tratamiento t\u00e9cnico, actuando de forma espec\u00edfica e inmediata. El cabello quedar\u00e1 m\u00e1s brillante desde la primera aplicaci\u00f3n.\" \/>\n<meta name=\"robots\" content=\"index, follow, max-snippet:-1, max-image-preview:large, max-video-preview:-1\" \/>\n<link rel=\"canonical\" href=\"https:\/\/www.haircompanyprofessional.it\/es\/producto\/gel-reequilibrante-del-ph3-post-tratamiento\/\" \/>\n<meta property=\"og:locale\" content=\"es_ES\" \/>\n<meta property=\"og:type\" content=\"article\" \/>\n<meta property=\"og:title\" content=\"Gel reequilibrante del pH3 post-tratamiento |Productos t\u00e9cnicos | Hair Company Professional\" \/>\n<meta property=\"og:description\" content=\"Durante los tratamientos t\u00e9cnicos, el cabello sufre un aumento del pH fisiol\u00f3gico para poder ser te\u00f1ido, decolorado o modificado de forma durante la fase de permanente. Una vez finalizado el tratamiento t\u00e9cnico, siempre es necesario reequilibrar el pH (baj\u00e1ndolo) para devolver el brillo al cabello. El gel reequilibrante post-tratamiento pH3 reduce el pH del cabello despu\u00e9s de un tratamiento t\u00e9cnico, actuando de forma espec\u00edfica e inmediata. El cabello quedar\u00e1 m\u00e1s brillante desde la primera aplicaci\u00f3n.\" \/>\n<meta property=\"og:url\" content=\"https:\/\/www.haircompanyprofessional.it\/es\/producto\/gel-reequilibrante-del-ph3-post-tratamiento\/\" \/>\n<meta property=\"og:site_name\" content=\"Hair Company Professional\" \/>\n<meta property=\"article:modified_time\" content=\"2025-08-14T15:42:04+00:00\" \/>\n<meta property=\"og:image\" content=\"https:\/\/www.haircompanyprofessional.it\/wp-content\/uploads\/2024\/01\/Inimitable-tech-rebalancer-gel-ph3.jpg\" \/>\n\t<meta property=\"og:image:width\" content=\"2000\" \/>\n\t<meta property=\"og:image:height\" content=\"2000\" \/>\n\t<meta property=\"og:image:type\" content=\"image\/jpeg\" \/>\n<meta name=\"twitter:card\" content=\"summary_large_image\" \/>\n<script type=\"application\/ld+json\" class=\"yoast-schema-graph\">{\"@context\":\"https:\/\/schema.org\",\"@graph\":[{\"@type\":\"WebPage\",\"@id\":\"https:\/\/www.haircompanyprofessional.it\/es\/producto\/gel-reequilibrante-del-ph3-post-tratamiento\/\",\"url\":\"https:\/\/www.haircompanyprofessional.it\/es\/producto\/gel-reequilibrante-del-ph3-post-tratamiento\/\",\"name\":\"Gel reequilibrante del pH3 post-tratamiento |Productos t\u00e9cnicos | Hair Company Professional\",\"isPartOf\":{\"@id\":\"https:\/\/www.haircompanyprofessional.it\/#website\"},\"primaryImageOfPage\":{\"@id\":\"https:\/\/www.haircompanyprofessional.it\/es\/producto\/gel-reequilibrante-del-ph3-post-tratamiento\/#primaryimage\"},\"image\":{\"@id\":\"https:\/\/www.haircompanyprofessional.it\/es\/producto\/gel-reequilibrante-del-ph3-post-tratamiento\/#primaryimage\"},\"thumbnailUrl\":\"https:\/\/www.haircompanyprofessional.it\/wp-content\/uploads\/2024\/01\/Inimitable-tech-rebalancer-gel-ph3.jpg\",\"datePublished\":\"2024-01-05T15:00:34+00:00\",\"dateModified\":\"2025-08-14T15:42:04+00:00\",\"description\":\"Durante los tratamientos t\u00e9cnicos, el cabello sufre un aumento del pH fisiol\u00f3gico para poder ser te\u00f1ido, decolorado o modificado de forma durante la fase de permanente. Una vez finalizado el tratamiento t\u00e9cnico, siempre es necesario reequilibrar el pH (baj\u00e1ndolo) para devolver el brillo al cabello. El gel reequilibrante post-tratamiento pH3 reduce el pH del cabello despu\u00e9s de un tratamiento t\u00e9cnico, actuando de forma espec\u00edfica e inmediata. El cabello quedar\u00e1 m\u00e1s brillante desde la primera aplicaci\u00f3n.\",\"breadcrumb\":{\"@id\":\"https:\/\/www.haircompanyprofessional.it\/es\/producto\/gel-reequilibrante-del-ph3-post-tratamiento\/#breadcrumb\"},\"inLanguage\":\"es\",\"potentialAction\":[{\"@type\":\"ReadAction\",\"target\":[\"https:\/\/www.haircompanyprofessional.it\/es\/producto\/gel-reequilibrante-del-ph3-post-tratamiento\/\"]}]},{\"@type\":\"ImageObject\",\"inLanguage\":\"es\",\"@id\":\"https:\/\/www.haircompanyprofessional.it\/es\/producto\/gel-reequilibrante-del-ph3-post-tratamiento\/#primaryimage\",\"url\":\"https:\/\/www.haircompanyprofessional.it\/wp-content\/uploads\/2024\/01\/Inimitable-tech-rebalancer-gel-ph3.jpg\",\"contentUrl\":\"https:\/\/www.haircompanyprofessional.it\/wp-content\/uploads\/2024\/01\/Inimitable-tech-rebalancer-gel-ph3.jpg\",\"width\":2000,\"height\":2000,\"caption\":\"Inimitable-tech-rebalancer-gel-ph3\"},{\"@type\":\"BreadcrumbList\",\"@id\":\"https:\/\/www.haircompanyprofessional.it\/es\/producto\/gel-reequilibrante-del-ph3-post-tratamiento\/#breadcrumb\",\"itemListElement\":[{\"@type\":\"ListItem\",\"position\":1,\"name\":\"Home\",\"item\":\"https:\/\/www.haircompanyprofessional.it\/es\/\"},{\"@type\":\"ListItem\",\"position\":2,\"name\":\"Tienda\",\"item\":\"https:\/\/www.haircompanyprofessional.it\/es\/tienda\/\"},{\"@type\":\"ListItem\",\"position\":3,\"name\":\"Gel reequilibrante del pH3 post-tratamiento\"}]},{\"@type\":\"WebSite\",\"@id\":\"https:\/\/www.haircompanyprofessional.it\/#website\",\"url\":\"https:\/\/www.haircompanyprofessional.it\/\",\"name\":\"Hair Company Professional\",\"description\":\"\",\"publisher\":{\"@id\":\"https:\/\/www.haircompanyprofessional.it\/#organization\"},\"potentialAction\":[{\"@type\":\"SearchAction\",\"target\":{\"@type\":\"EntryPoint\",\"urlTemplate\":\"https:\/\/www.haircompanyprofessional.it\/?s={search_term_string}\"},\"query-input\":{\"@type\":\"PropertyValueSpecification\",\"valueRequired\":true,\"valueName\":\"search_term_string\"}}],\"inLanguage\":\"es\"},{\"@type\":\"Organization\",\"@id\":\"https:\/\/www.haircompanyprofessional.it\/#organization\",\"name\":\"Hair Company Professional\",\"url\":\"https:\/\/www.haircompanyprofessional.it\/\",\"logo\":{\"@type\":\"ImageObject\",\"inLanguage\":\"es\",\"@id\":\"https:\/\/www.haircompanyprofessional.it\/#\/schema\/logo\/image\/\",\"url\":\"https:\/\/www.haircompanyprofessional.it\/wp-content\/uploads\/2022\/03\/logo.png\",\"contentUrl\":\"https:\/\/www.haircompanyprofessional.it\/wp-content\/uploads\/2022\/03\/logo.png\",\"width\":620,\"height\":176,\"caption\":\"Hair Company Professional\"},\"image\":{\"@id\":\"https:\/\/www.haircompanyprofessional.it\/#\/schema\/logo\/image\/\"}}]}<\/script>\n<!-- \/ Yoast SEO plugin. -->","yoast_head_json":{"title":"Gel reequilibrante del pH3 post-tratamiento |Productos t\u00e9cnicos | Hair Company Professional","description":"Durante los tratamientos t\u00e9cnicos, el cabello sufre un aumento del pH fisiol\u00f3gico para poder ser te\u00f1ido, decolorado o modificado de forma durante la fase de permanente. Una vez finalizado el tratamiento t\u00e9cnico, siempre es necesario reequilibrar el pH (baj\u00e1ndolo) para devolver el brillo al cabello. El gel reequilibrante post-tratamiento pH3 reduce el pH del cabello despu\u00e9s de un tratamiento t\u00e9cnico, actuando de forma espec\u00edfica e inmediata. El cabello quedar\u00e1 m\u00e1s brillante desde la primera aplicaci\u00f3n.","robots":{"index":"index","follow":"follow","max-snippet":"max-snippet:-1","max-image-preview":"max-image-preview:large","max-video-preview":"max-video-preview:-1"},"canonical":"https:\/\/www.haircompanyprofessional.it\/es\/producto\/gel-reequilibrante-del-ph3-post-tratamiento\/","og_locale":"es_ES","og_type":"article","og_title":"Gel reequilibrante del pH3 post-tratamiento |Productos t\u00e9cnicos | Hair Company Professional","og_description":"Durante los tratamientos t\u00e9cnicos, el cabello sufre un aumento del pH fisiol\u00f3gico para poder ser te\u00f1ido, decolorado o modificado de forma durante la fase de permanente. Una vez finalizado el tratamiento t\u00e9cnico, siempre es necesario reequilibrar el pH (baj\u00e1ndolo) para devolver el brillo al cabello. El gel reequilibrante post-tratamiento pH3 reduce el pH del cabello despu\u00e9s de un tratamiento t\u00e9cnico, actuando de forma espec\u00edfica e inmediata. El cabello quedar\u00e1 m\u00e1s brillante desde la primera aplicaci\u00f3n.","og_url":"https:\/\/www.haircompanyprofessional.it\/es\/producto\/gel-reequilibrante-del-ph3-post-tratamiento\/","og_site_name":"Hair Company Professional","article_modified_time":"2025-08-14T15:42:04+00:00","og_image":[{"width":2000,"height":2000,"url":"https:\/\/www.haircompanyprofessional.it\/wp-content\/uploads\/2024\/01\/Inimitable-tech-rebalancer-gel-ph3.jpg","type":"image\/jpeg"}],"twitter_card":"summary_large_image","schema":{"@context":"https:\/\/schema.org","@graph":[{"@type":"WebPage","@id":"https:\/\/www.haircompanyprofessional.it\/es\/producto\/gel-reequilibrante-del-ph3-post-tratamiento\/","url":"https:\/\/www.haircompanyprofessional.it\/es\/producto\/gel-reequilibrante-del-ph3-post-tratamiento\/","name":"Gel reequilibrante del pH3 post-tratamiento |Productos t\u00e9cnicos | Hair Company Professional","isPartOf":{"@id":"https:\/\/www.haircompanyprofessional.it\/#website"},"primaryImageOfPage":{"@id":"https:\/\/www.haircompanyprofessional.it\/es\/producto\/gel-reequilibrante-del-ph3-post-tratamiento\/#primaryimage"},"image":{"@id":"https:\/\/www.haircompanyprofessional.it\/es\/producto\/gel-reequilibrante-del-ph3-post-tratamiento\/#primaryimage"},"thumbnailUrl":"https:\/\/www.haircompanyprofessional.it\/wp-content\/uploads\/2024\/01\/Inimitable-tech-rebalancer-gel-ph3.jpg","datePublished":"2024-01-05T15:00:34+00:00","dateModified":"2025-08-14T15:42:04+00:00","description":"Durante los tratamientos t\u00e9cnicos, el cabello sufre un aumento del pH fisiol\u00f3gico para poder ser te\u00f1ido, decolorado o modificado de forma durante la fase de permanente. Una vez finalizado el tratamiento t\u00e9cnico, siempre es necesario reequilibrar el pH (baj\u00e1ndolo) para devolver el brillo al cabello. El gel reequilibrante post-tratamiento pH3 reduce el pH del cabello despu\u00e9s de un tratamiento t\u00e9cnico, actuando de forma espec\u00edfica e inmediata. El cabello quedar\u00e1 m\u00e1s brillante desde la primera aplicaci\u00f3n.","breadcrumb":{"@id":"https:\/\/www.haircompanyprofessional.it\/es\/producto\/gel-reequilibrante-del-ph3-post-tratamiento\/#breadcrumb"},"inLanguage":"es","potentialAction":[{"@type":"ReadAction","target":["https:\/\/www.haircompanyprofessional.it\/es\/producto\/gel-reequilibrante-del-ph3-post-tratamiento\/"]}]},{"@type":"ImageObject","inLanguage":"es","@id":"https:\/\/www.haircompanyprofessional.it\/es\/producto\/gel-reequilibrante-del-ph3-post-tratamiento\/#primaryimage","url":"https:\/\/www.haircompanyprofessional.it\/wp-content\/uploads\/2024\/01\/Inimitable-tech-rebalancer-gel-ph3.jpg","contentUrl":"https:\/\/www.haircompanyprofessional.it\/wp-content\/uploads\/2024\/01\/Inimitable-tech-rebalancer-gel-ph3.jpg","width":2000,"height":2000,"caption":"Inimitable-tech-rebalancer-gel-ph3"},{"@type":"BreadcrumbList","@id":"https:\/\/www.haircompanyprofessional.it\/es\/producto\/gel-reequilibrante-del-ph3-post-tratamiento\/#breadcrumb","itemListElement":[{"@type":"ListItem","position":1,"name":"Home","item":"https:\/\/www.haircompanyprofessional.it\/es\/"},{"@type":"ListItem","position":2,"name":"Tienda","item":"https:\/\/www.haircompanyprofessional.it\/es\/tienda\/"},{"@type":"ListItem","position":3,"name":"Gel reequilibrante del pH3 post-tratamiento"}]},{"@type":"WebSite","@id":"https:\/\/www.haircompanyprofessional.it\/#website","url":"https:\/\/www.haircompanyprofessional.it\/","name":"Hair Company Professional","description":"","publisher":{"@id":"https:\/\/www.haircompanyprofessional.it\/#organization"},"potentialAction":[{"@type":"SearchAction","target":{"@type":"EntryPoint","urlTemplate":"https:\/\/www.haircompanyprofessional.it\/?s={search_term_string}"},"query-input":{"@type":"PropertyValueSpecification","valueRequired":true,"valueName":"search_term_string"}}],"inLanguage":"es"},{"@type":"Organization","@id":"https:\/\/www.haircompanyprofessional.it\/#organization","name":"Hair Company Professional","url":"https:\/\/www.haircompanyprofessional.it\/","logo":{"@type":"ImageObject","inLanguage":"es","@id":"https:\/\/www.haircompanyprofessional.it\/#\/schema\/logo\/image\/","url":"https:\/\/www.haircompanyprofessional.it\/wp-content\/uploads\/2022\/03\/logo.png","contentUrl":"https:\/\/www.haircompanyprofessional.it\/wp-content\/uploads\/2022\/03\/logo.png","width":620,"height":176,"caption":"Hair Company Professional"},"image":{"@id":"https:\/\/www.haircompanyprofessional.it\/#\/schema\/logo\/image\/"}}]}},"_links":{"self":[{"href":"https:\/\/www.haircompanyprofessional.it\/es\/wp-json\/wp\/v2\/product\/6339","targetHints":{"allow":["GET"]}}],"collection":[{"href":"https:\/\/www.haircompanyprofessional.it\/es\/wp-json\/wp\/v2\/product"}],"about":[{"href":"https:\/\/www.haircompanyprofessional.it\/es\/wp-json\/wp\/v2\/types\/product"}],"replies":[{"embeddable":true,"href":"https:\/\/www.haircompanyprofessional.it\/es\/wp-json\/wp\/v2\/comments?post=6339"}],"wp:featuredmedia":[{"embeddable":true,"href":"https:\/\/www.haircompanyprofessional.it\/es\/wp-json\/wp\/v2\/media\/6293"}],"wp:attachment":[{"href":"https:\/\/www.haircompanyprofessional.it\/es\/wp-json\/wp\/v2\/media?parent=6339"}],"wp:term":[{"taxonomy":"product_cat","embeddable":true,"href":"https:\/\/www.haircompanyprofessional.it\/es\/wp-json\/wp\/v2\/product_cat?post=6339"},{"taxonomy":"product_tag","embeddable":true,"href":"https:\/\/www.haircompanyprofessional.it\/es\/wp-json\/wp\/v2\/product_tag?post=6339"}],"curies":[{"name":"wp","href":"https:\/\/api.w.org\/{rel}","templated":true}]}}